


{"id":30684,"date":"2022-03-22T12:49:49","date_gmt":"2022-03-22T11:49:49","guid":{"rendered":"https:\/\/www.networkgtc.it\/?page_id=30684"},"modified":"2024-05-23T10:00:09","modified_gmt":"2024-05-23T08:00:09","slug":"corsi-docenti","status":"publish","type":"page","link":"https:\/\/www.networkgtc.it\/en\/mondo-scuola\/corsi-docenti\/","title":{"rendered":"Corsi Docenti"},"content":{"rendered":"<div class=\"wpb-content-wrapper\"><p>[vc_row][vc_column][vc_column_text]<\/p>\n<h1>Corsi Docenti<\/h1>\n<p>[\/vc_column_text][\/vc_column][\/vc_row][vc_row][vc_column][vc_column_text]<\/p>\n<p style=\"text-align: left; font-weight: 300px;\"><span style=\"color: #091e3f; font-weight: 300;\">Network GTC, in collaborazione con eCampus, ha inserito nella sua offerta formativa una serie di master e corsi di alta formazione online dedicati a giovani laureati e professionisti che intendano perfezionare o aggiornare il proprio background.<\/span><\/p>\n<p style=\"text-align: left; font-weight: 300px;\"><span style=\"color: #091e3f; font-weight: 300;\">Innovazione, collegamento con il mondo professionale e del lavoro, qualit\u00e0 e professionalit\u00e0 sono i punti fermi che fanno di NetworkGTC una fra le realt\u00e0 di riferimento per la formazione post laurea.<\/span><\/p>\n<p>[\/vc_column_text][\/vc_column][\/vc_row][vc_row][vc_column][vc_column_text]<\/p>\n<h3>Corsi di Perfezionamento Annuali<\/h3>\n<p>[\/vc_column_text]<div class=\"acc-shortcode panel-group  \" id=\"accordion-55\">\r\r\r\n\t\t\t\t<div class=\"panel panel-default\">\t\t\r\r\r\n\t\t\t\t\t<div class=\"panel-heading\">\r\r\r\n\t\t\t\t\t\t<h4 class=\"panel-title\">\r\r\r\n\t\t\t\t\t\t\t<a class=\"accordion-toggle collapsed-icon    \"   data-toggle=\"collapse\" href=\"#acc-7640\">\nECP01 \u2013 Percorsi di didattica inclusiva attraverso le tecnologie dell\u2019informazione e della comunicazione\r\r\r\n\t\t\t\t\t\t\t\t<span class=\"fa sign\"><\/span>\r\r\r\n\t\t\t\t\t\t\t<\/a>\r\r\r\n\t\t\t\t\t\t<\/h4>\r\r\r\n\t\t\t\t\t\t\r\r\r\n\t\t\t\t\t<\/div>    \r\r\r\n\t\t\t\t\t<div id=\"acc-7640\" class=\"panel-collapse collapse in\">\r\r\r\n\t\t\t\t\t\t<div class=\"panel-body\">\r\r\r\n\t\t\t\t\t\t\t<span style=\"font-size: 10pt;\">Il ruolo delle istituzioni scolastiche, all\u2019interno di una societ\u00e0 pervasa e impregnata dalle tecnologie digitali, \u00e8 di guidare gli allievi nello sviluppo delle competenze indispensabili per orientarsi ed equipaggiarsi professionalmente.<\/span><\/p>\n<p><span style=\"font-size: 10pt;\"><strong>Durata<\/strong>: 500 ore<\/span><\/p>\n<p><span style=\"font-size: 10pt;\"><strong>CFU<\/strong>: 20<\/span><\/p>\n<div id=\"div-vai-allo-shop\" style=\"padding: 10px 7px 7px; color: white; text-align: center;\"><!-- blu 094775 rosso d1222b --> <a href=\"https:\/\/shop.networkgtc.it\/prodotto\/corsi-di-perfezionamento-annuali-ecp01-percorsi-di-didattica-inclusiva-attraverso-le-tecnologie-dellinformazione-e-della-comunicazione\/\" target=\"_blank\" style=\"padding: 10px; border-radius: 20px; border: 1px solid #dddddd; background-color: #d1222b; color: white; font-size: 10pt;\" rel=\"noopener noreferrer\"> Vai allo Shop <\/a><\/div>\n<p>\r\r\r\n\t\t\t\t\t\t<\/div>\r\r\r\n\t\t\t\t\t<\/div>\r\r\r\n\t\t\t\t<\/div>\n\r\r\r\n\t\t\t\t<div class=\"panel panel-default\">\t\t\r\r\r\n\t\t\t\t\t<div class=\"panel-heading\">\r\r\r\n\t\t\t\t\t\t<h4 class=\"panel-title\">\r\r\r\n\t\t\t\t\t\t\t<a class=\"accordion-toggle collapsed-icon  collapsed \"   data-toggle=\"collapse\" href=\"#acc-2364\">\nECP02 \u2013 Il territorio e rapporto scuola-famiglia nel contesto dei bisogni educativi speciali (BES)\r\r\r\n\t\t\t\t\t\t\t\t<span class=\"fa sign\"><\/span>\r\r\r\n\t\t\t\t\t\t\t<\/a>\r\r\r\n\t\t\t\t\t\t<\/h4>\r\r\r\n\t\t\t\t\t\t\r\r\r\n\t\t\t\t\t<\/div>    \r\r\r\n\t\t\t\t\t<div id=\"acc-2364\" class=\"panel-collapse collapse \">\r\r\r\n\t\t\t\t\t\t<div class=\"panel-body\">\r\r\r\n\t\t\t\t\t\t\t<span style=\"font-size: 10pt;\">La scuola e la famiglia insieme, nel pieno rispetto dei diversi ruoli, dovrebbero condividere compiti educativi, non solo sulla carta, per permettere la conquista graduale, da parte dei bambini e dei ragazzi con BES, di competenze socio-affettive e relazionali, che riguardano l\u2019espressione dei propri bisogni e delle proprie opinioni.<\/span><\/p>\n<p><span style=\"font-size: 10pt;\"><strong>Durata<\/strong>: 1500 ore<\/span><\/p>\n<p><span style=\"font-size: 10pt;\"><strong>CFU<\/strong>: 60<\/span><\/p>\n<div id=\"div-vai-allo-shop\" style=\"padding: 10px 7px 7px; color: white; text-align: center;\"><!-- blu 094775 rosso d1222b --> <a href=\"https:\/\/shop.networkgtc.it\/prodotto\/corsi-di-perfezionamento-annuali-ecp02-il-territorio-e-rapporto-scuola-famiglia-nel-contesto-dei-bisogni-educativi-speciali-bes\/\" target=\"_blank\" style=\"padding: 10px; border-radius: 20px; border: 1px solid #dddddd; background-color: #d1222b; color: white; font-size: 10pt;\" rel=\"noopener noreferrer\"> Vai allo Shop <\/a><\/div>\n<p>\r\r\r\n\t\t\t\t\t\t<\/div>\r\r\r\n\t\t\t\t\t<\/div>\r\r\r\n\t\t\t\t<\/div>\n\r\r\r\n\t\t\t\t<div class=\"panel panel-default\">\t\t\r\r\r\n\t\t\t\t\t<div class=\"panel-heading\">\r\r\r\n\t\t\t\t\t\t<h4 class=\"panel-title\">\r\r\r\n\t\t\t\t\t\t\t<a class=\"accordion-toggle collapsed-icon  collapsed \"   data-toggle=\"collapse\" href=\"#acc-8366\">\nECP03 \u2013 Il percorso formativo: pedagogia delle emozioni e sviluppo dell\u2019intelligenza\r\r\r\n\t\t\t\t\t\t\t\t<span class=\"fa sign\"><\/span>\r\r\r\n\t\t\t\t\t\t\t<\/a>\r\r\r\n\t\t\t\t\t\t<\/h4>\r\r\r\n\t\t\t\t\t\t\r\r\r\n\t\t\t\t\t<\/div>    \r\r\r\n\t\t\t\t\t<div id=\"acc-8366\" class=\"panel-collapse collapse \">\r\r\r\n\t\t\t\t\t\t<div class=\"panel-body\">\r\r\r\n\t\t\t\t\t\t\t<span style=\"font-size: 10pt;\">Gli ultimi orientamenti concernenti le teorie delle emozioni evidenziano l\u2019importanza di non favorire un solo punto di vista e cercano di prendere in esame, purch\u00e9 fondate, diverse correnti, ritenendo che l\u2019attivazione dell\u2019emozione avviene a livello neurofisiologico e cognitivo\/culturale.\u00a0<\/span><\/p>\n<p><span style=\"font-size: 10pt;\"><strong>Durata<\/strong>: 1500 ore<\/span><\/p>\n<p><span style=\"font-size: 10pt;\"><strong>CFU<\/strong>: 60<\/span><\/p>\n<div id=\"div-vai-allo-shop\" style=\"padding: 10px 7px 7px; color: white; text-align: center;\"><!-- blu 094775 rosso d1222b --> <a href=\"https:\/\/shop.networkgtc.it\/prodotto\/corsi-di-perfezionamento-annuali-ecp03-il-percorso-formativo-pedagogia-delle-emozioni-e-sviluppo-dellintelligenza\/\" target=\"_blank\" style=\"padding: 10px; border-radius: 20px; border: 1px solid #dddddd; background-color: #d1222b; color: white; font-size: 10pt;\" rel=\"noopener noreferrer\"> Vai allo Shop <\/a><\/div>\n<p>\r\r\r\n\t\t\t\t\t\t<\/div>\r\r\r\n\t\t\t\t\t<\/div>\r\r\r\n\t\t\t\t<\/div>\n\r\r\r\n\t\t\t\t<div class=\"panel panel-default\">\t\t\r\r\r\n\t\t\t\t\t<div class=\"panel-heading\">\r\r\r\n\t\t\t\t\t\t<h4 class=\"panel-title\">\r\r\r\n\t\t\t\t\t\t\t<a class=\"accordion-toggle collapsed-icon  collapsed \"   data-toggle=\"collapse\" href=\"#acc-8570\">\nECP05 \u2013 Metodologia coding e pensiero computazionale\r\r\r\n\t\t\t\t\t\t\t\t<span class=\"fa sign\"><\/span>\r\r\r\n\t\t\t\t\t\t\t<\/a>\r\r\r\n\t\t\t\t\t\t<\/h4>\r\r\r\n\t\t\t\t\t\t\r\r\r\n\t\t\t\t\t<\/div>    \r\r\r\n\t\t\t\t\t<div id=\"acc-8570\" class=\"panel-collapse collapse \">\r\r\r\n\t\t\t\t\t\t<div class=\"panel-body\">\r\r\r\n\t\t\t\t\t\t\t<span style=\"font-size: 10pt;\">Il seguente corso si propone di fornire ai docenti e ai formatori\/educatori tutti gli strumenti tecnici e teorici, anche attraverso casi pratici, per introdurre i loro allievi al mondo del sapere attraverso le dinamiche del pensiero computazionale.<\/span><\/p>\n<p><span style=\"font-size: 10pt;\"><strong>Durata<\/strong>: 1500 ore<\/span><\/p>\n<p><span style=\"font-size: 10pt;\"><strong>CFU<\/strong>: 60<\/span><\/p>\n<div id=\"div-vai-allo-shop\" style=\"padding: 10px 7px 7px; color: white; text-align: center;\"><!-- blu 094775 rosso d1222b --> <a href=\"https:\/\/shop.networkgtc.it\/prodotto\/corsi-di-perfezionamento-annuali-ecp05-metodologia-coding-e-pensiero-computazionale\/\" target=\"_blank\" style=\"padding: 10px; border-radius: 20px; border: 1px solid #dddddd; background-color: #d1222b; color: white; font-size: 10pt;\" rel=\"noopener noreferrer\"> Vai allo Shop <\/a><\/div>\n<p>\r\r\r\n\t\t\t\t\t\t<\/div>\r\r\r\n\t\t\t\t\t<\/div>\r\r\r\n\t\t\t\t<\/div>\n\r\r\r\n\t\t\t\t<div class=\"panel panel-default\">\t\t\r\r\r\n\t\t\t\t\t<div class=\"panel-heading\">\r\r\r\n\t\t\t\t\t\t<h4 class=\"panel-title\">\r\r\r\n\t\t\t\t\t\t\t<a class=\"accordion-toggle collapsed-icon  collapsed \"   data-toggle=\"collapse\" href=\"#acc-9908\">\nECP06 \u2013 Lo sport come metodologia per l\u2019integrazione e per il benessere sociale\r\r\r\n\t\t\t\t\t\t\t\t<span class=\"fa sign\"><\/span>\r\r\r\n\t\t\t\t\t\t\t<\/a>\r\r\r\n\t\t\t\t\t\t<\/h4>\r\r\r\n\t\t\t\t\t\t\r\r\r\n\t\t\t\t\t<\/div>    \r\r\r\n\t\t\t\t\t<div id=\"acc-9908\" class=\"panel-collapse collapse \">\r\r\r\n\t\t\t\t\t\t<div class=\"panel-body\">\r\r\r\n\t\t\t\t\t\t\t<span style=\"font-size: 10pt;\">Il percorso mira ad offrire ai soggetti che operano nell\u2019ambito formativo-scolastico le competenze burocratiche e tecniche per affrontare la complessa e variegata struttura dei fondi per lo sviluppo europeo.<\/span><\/p>\n<p><span style=\"font-size: 10pt;\"><strong>Durata<\/strong>: 1500 ore<\/span><\/p>\n<p><span style=\"font-size: 10pt;\"><strong>CFU<\/strong>: 60<\/span><\/p>\n<div id=\"div-vai-allo-shop\" style=\"padding: 10px 7px 7px; color: white; text-align: center;\"><!-- blu 094775 rosso d1222b --> <a href=\"https:\/\/shop.networkgtc.it\/prodotto\/corsi-di-perfezionamento-annuali-ecp06-lo-sport-come-metodologia-per-lintegrazione-e-per-il-benessere-sociale\/\" target=\"_blank\" style=\"padding: 10px; border-radius: 20px; border: 1px solid #dddddd; background-color: #d1222b; color: white; font-size: 10pt;\" rel=\"noopener noreferrer\"> Vai allo Shop <\/a><\/div>\n<p>\r\r\r\n\t\t\t\t\t\t<\/div>\r\r\r\n\t\t\t\t\t<\/div>\r\r\r\n\t\t\t\t<\/div>\n\r\r\r\n\t\t\t\t<div class=\"panel panel-default\">\t\t\r\r\r\n\t\t\t\t\t<div class=\"panel-heading\">\r\r\r\n\t\t\t\t\t\t<h4 class=\"panel-title\">\r\r\r\n\t\t\t\t\t\t\t<a class=\"accordion-toggle collapsed-icon  collapsed \"   data-toggle=\"collapse\" href=\"#acc-6449\">\nECP07 \u2013 La didattica, la funzione del docente e l\u2019inclusione scolastica degli alunni con bisogni educativi speciali (BES) + 24 CFU\r\r\r\n\t\t\t\t\t\t\t\t<span class=\"fa sign\"><\/span>\r\r\r\n\t\t\t\t\t\t\t<\/a>\r\r\r\n\t\t\t\t\t\t<\/h4>\r\r\r\n\t\t\t\t\t\t\r\r\r\n\t\t\t\t\t<\/div>    \r\r\r\n\t\t\t\t\t<div id=\"acc-6449\" class=\"panel-collapse collapse \">\r\r\r\n\t\t\t\t\t\t<div class=\"panel-body\">\r\r\r\n\t\t\t\t\t\t\t<span style=\"font-size: 10pt;\">In un\u2019epoca dove i BES sono in crescita ed \u00e8 alta la richiesta di competenza e professionalit\u00e0 per valorizzare i diversamente abili, il corso vuole essere un percorso culturale aperto a tutti i laureati che vogliono vivere i BES\u00a0 come un valore aggiunto in una societ\u00e0 che ha bisogno di nuovi valori per tendere ad un futuro migliore che rendano la Vita degna di essere vissuta in pienezza.<\/span><\/p>\n<p><span style=\"font-size: 10pt;\"><strong>Durata<\/strong>: 1500 ore<\/span><\/p>\n<p><span style=\"font-size: 10pt;\"><strong>CFU<\/strong>: 60<\/span><\/p>\n<p><strong><em>Il Corso include i 24 CFU.<\/em><\/strong><\/p>\n<div id=\"div-vai-allo-shop\" style=\"padding: 10px 7px 7px; color: white; text-align: center;\"><!-- blu 094775 rosso d1222b --> <a href=\"https:\/\/shop.networkgtc.it\/prodotto\/corsi-di-perfezionamento-annuali-ecp07-la-didattica-la-funzione-del-docente-e-linclusione-scolastica-degli-alunni-con-bisogni-educativi-speciali-bes\/\" target=\"_blank\" style=\"padding: 10px; border-radius: 20px; border: 1px solid #dddddd; background-color: #d1222b; color: white; font-size: 10pt;\" rel=\"noopener noreferrer\"> Vai allo Shop <\/a><\/div>\n<p>\r\r\r\n\t\t\t\t\t\t<\/div>\r\r\r\n\t\t\t\t\t<\/div>\r\r\r\n\t\t\t\t<\/div>\n\r\r\r\n\t\t\t\t<div class=\"panel panel-default\">\t\t\r\r\r\n\t\t\t\t\t<div class=\"panel-heading\">\r\r\r\n\t\t\t\t\t\t<h4 class=\"panel-title\">\r\r\r\n\t\t\t\t\t\t\t<a class=\"accordion-toggle collapsed-icon  collapsed \"   data-toggle=\"collapse\" href=\"#acc-1418\">\nECP08 \u2013 Il metodo Montessori, Agazzi e Pizzigoni: modelli di didattica differenziata a confronto\r\r\r\n\t\t\t\t\t\t\t\t<span class=\"fa sign\"><\/span>\r\r\r\n\t\t\t\t\t\t\t<\/a>\r\r\r\n\t\t\t\t\t\t<\/h4>\r\r\r\n\t\t\t\t\t\t\r\r\r\n\t\t\t\t\t<\/div>    \r\r\r\n\t\t\t\t\t<div id=\"acc-1418\" class=\"panel-collapse collapse \">\r\r\r\n\t\t\t\t\t\t<div class=\"panel-body\">\r\r\r\n\t\t\t\t\t\t\t<span style=\"font-size: 10pt;\">Il Corso risponde all\u2019esigenza di fornire una formazione specialistica sui metodi differenziati che hanno fatto da basamento della rivoluzione pedagogica italiana e<span>\u00a0i tre principali metodi differenziati sviluppati dai massimi esponenti della corrente filosofico-pedagogia del costruttivismo psicologico<\/span><\/span><\/p>\n<p><span style=\"font-size: 10pt;\"><strong>Durata<\/strong>: 1500 ore<\/span><\/p>\n<p><span style=\"font-size: 10pt;\"><strong>CFU<\/strong>: 60<\/span><\/p>\n<div id=\"div-vai-allo-shop\" style=\"padding: 10px 7px 7px; color: white; text-align: center;\"><!-- blu 094775 rosso d1222b --> <a href=\"https:\/\/shop.networkgtc.it\/prodotto\/ecp08-il-metodo-montessori-agazzi-e-pizzigoni-modelli-di-didattica-differenziata-a-confronto\/\" target=\"_blank\" style=\"padding: 10px; border-radius: 20px; border: 1px solid #dddddd; background-color: #d1222b; color: white; font-size: 10pt;\" rel=\"noopener noreferrer\"> Vai allo Shop <\/a><\/div>\n<p>\r\r\r\n\t\t\t\t\t\t<\/div>\r\r\r\n\t\t\t\t\t<\/div>\r\r\r\n\t\t\t\t<\/div>\n\r\r\r\n\t\t\t\t<div class=\"panel panel-default\">\t\t\r\r\r\n\t\t\t\t\t<div class=\"panel-heading\">\r\r\r\n\t\t\t\t\t\t<h4 class=\"panel-title\">\r\r\r\n\t\t\t\t\t\t\t<a class=\"accordion-toggle collapsed-icon  collapsed \"   data-toggle=\"collapse\" href=\"#acc-6519\">\nECP09 \u2013 Scuola 4.0: percorsi interattivi per l\u2019educazione digitale per l\u2019apprendimento STEM\r\r\r\n\t\t\t\t\t\t\t\t<span class=\"fa sign\"><\/span>\r\r\r\n\t\t\t\t\t\t\t<\/a>\r\r\r\n\t\t\t\t\t\t<\/h4>\r\r\r\n\t\t\t\t\t\t\r\r\r\n\t\t\t\t\t<\/div>    \r\r\r\n\t\t\t\t\t<div id=\"acc-6519\" class=\"panel-collapse collapse \">\r\r\r\n\t\t\t\t\t\t<div class=\"panel-body\">\r\r\r\n\t\t\t\t\t\t\t<span style=\"font-size: 10pt;\">Il Corso \u00e8 finalizzato a far comprendere l\u2019importanza dell\u2019utilizzo delle tecnologie robotiche e STEM nell\u2019ambito formativo. La trasformazione digitale \u00e8 un fenomeno in atto che coinvolge la societ\u00e0 intera e nessun soggetto pu\u00f2 restarne escluso.\u00a0<\/span><\/p>\n<p><span style=\"font-size: 10pt;\"><strong>Durata<\/strong>: 1500 ore<\/span><\/p>\n<p><span style=\"font-size: 10pt;\"><strong>CFU<\/strong>: 60<\/span><\/p>\n<div id=\"div-vai-allo-shop\" style=\"padding: 10px 7px 7px; color: white; text-align: center;\"><!-- blu 094775 rosso d1222b --> <a href=\"https:\/\/shop.networkgtc.it\/prodotto\/ecp09-scuola-4-0-percorsi-interattivi-per-leducazione-digitale-per-lapprendimento-stem\/\" target=\"_blank\" style=\"padding: 10px; border-radius: 20px; border: 1px solid #dddddd; background-color: #d1222b; color: white; font-size: 10pt;\" rel=\"noopener noreferrer\"> Vai allo Shop <\/a><\/div>\n<p>\r\r\r\n\t\t\t\t\t\t<\/div>\r\r\r\n\t\t\t\t\t<\/div>\r\r\r\n\t\t\t\t<\/div>\n\r\r\r\n\t\t\t\t<div class=\"panel panel-default\">\t\t\r\r\r\n\t\t\t\t\t<div class=\"panel-heading\">\r\r\r\n\t\t\t\t\t\t<h4 class=\"panel-title\">\r\r\r\n\t\t\t\t\t\t\t<a class=\"accordion-toggle collapsed-icon  collapsed \"   data-toggle=\"collapse\" href=\"#acc-5321\">\nCLIL \u2013 Metodologie innovative nel contesto europeo: Content and Language Integrated Learning\r\r\r\n\t\t\t\t\t\t\t\t<span class=\"fa sign\"><\/span>\r\r\r\n\t\t\t\t\t\t\t<\/a>\r\r\r\n\t\t\t\t\t\t<\/h4>\r\r\r\n\t\t\t\t\t\t\r\r\r\n\t\t\t\t\t<\/div>    \r\r\r\n\t\t\t\t\t<div id=\"acc-5321\" class=\"panel-collapse collapse \">\r\r\r\n\t\t\t\t\t\t<div class=\"panel-body\">\r\r\r\n\t\t\t\t\t\t\t<span style=\"font-size: 10pt;\">l<strong>\u00a0Corso<\/strong>\u00a0consente di acquisire tutte le nozioni e competenze sulla\u00a0<em>metodologia CLIL<\/em>\u00a0(<em>Content and Language Integrated Learning<\/em>), un approccio metodologico rivolto all\u2019apprendimento integrato di competenze linguistico-comunicative e disciplinari in lingua straniera.<\/span><\/p>\n<p><span style=\"font-size: 10pt;\"><strong>Durata<\/strong>: 1500 ore<\/span><\/p>\n<p><span style=\"font-size: 10pt;\"><strong>CFU<\/strong>: 60<\/span><\/p>\n<div id=\"div-vai-allo-shop\" style=\"padding: 10px 7px 7px; color: white; text-align: center;\"><!-- blu 094775 rosso d1222b --> <a href=\"https:\/\/shop.networkgtc.it\/prodotto\/corso-online-clil-content-language-integrated-learning\/\" target=\"_blank\" style=\"padding: 10px; border-radius: 20px; border: 1px solid #dddddd; background-color: #d1222b; color: white; font-size: 10pt;\" rel=\"noopener noreferrer\"> Vai allo Shop <\/a><\/div>\n<p>\r\r\r\n\t\t\t\t\t\t<\/div>\r\r\r\n\t\t\t\t\t<\/div>\r\r\r\n\t\t\t\t<\/div><\/div>[\/vc_column][\/vc_row][vc_row][vc_column css=&#8221;.vc_custom_1647949746481{margin-top: 30px !important;}&#8221;][vc_column_text]<\/p>\n<h3>Corsi di Perfezionamento &#8211; Biennali<\/h3>\n<p>[\/vc_column_text]<div class=\"acc-shortcode panel-group  \" id=\"accordion-65\">\r\r\r\n\t\t\t\t<div class=\"panel panel-default\">\t\t\r\r\r\n\t\t\t\t\t<div class=\"panel-heading\">\r\r\r\n\t\t\t\t\t\t<h4 class=\"panel-title\">\r\r\r\n\t\t\t\t\t\t\t<a class=\"accordion-toggle collapsed-icon    \"   data-toggle=\"collapse\" href=\"#acc-2325\">\nECP04 \u2013 La progettazione, la valutazione, la certificazione delle competenze e le strategie comunicativo\r\r\r\n\t\t\t\t\t\t\t\t<span class=\"fa sign\"><\/span>\r\r\r\n\t\t\t\t\t\t\t<\/a>\r\r\r\n\t\t\t\t\t\t<\/h4>\r\r\r\n\t\t\t\t\t\t\r\r\r\n\t\t\t\t\t<\/div>    \r\r\r\n\t\t\t\t\t<div id=\"acc-2325\" class=\"panel-collapse collapse in\">\r\r\r\n\t\t\t\t\t\t<div class=\"panel-body\">\r\r\r\n\t\t\t\t\t\t\t<span style=\"font-size: 10pt;\">Con l&#8217;ottenimento del Master, secondo la normativa vigente verranno attribuiti:<\/span><\/p>\n<ul>\n<li><span style=\"font-size: 10pt;\">5 punti\u00a0ai docenti di ruolo<\/span><\/li>\n<li><span style=\"font-size: 10pt;\">6 punti ai docenti non di ruolo<\/span><\/li>\n<\/ul>\n<p><span style=\"font-size: 10pt;\"><strong>Durata<\/strong>: 3000 ore<\/span><\/p>\n<p><span style=\"font-size: 10pt;\"><strong>CFU<\/strong>: 120<\/span><\/p>\n<div id=\"div-vai-allo-shop\" style=\"padding: 10px 7px 7px; color: white; text-align: center;\"><!-- blu 094775 rosso d1222b --> <a href=\"https:\/\/shop.networkgtc.it\/prodotto\/corsi-di-perfezionamento-biennali-ecp04-la-progettazione-la-valutazione-la-certificazione-delle-competenze-e-le-strategie-comunicativo-tecnologiche-nella-scuola-dellautonomia\/\" target=\"_blank\" style=\"padding: 10px; border-radius: 20px; border: 1px solid #dddddd; background-color: #d1222b; color: white; font-size: 10pt;\" rel=\"noopener noreferrer\"> Vai allo Shop <\/a><\/div>\n<p>\r\r\r\n\t\t\t\t\t\t<\/div>\r\r\r\n\t\t\t\t\t<\/div>\r\r\r\n\t\t\t\t<\/div><\/div>[\/vc_column][\/vc_row][vc_row][vc_column css=&#8221;.vc_custom_1647949752519{margin-top: 30px !important;}&#8221;][vc_column_text]<\/p>\n<h3>Corsi di Qualificazione<\/h3>\n<p>[\/vc_column_text]<div class=\"acc-shortcode panel-group  \" id=\"accordion-59\">\r\r\r\n\t\t\t\t<div class=\"panel panel-default\">\t\t\r\r\r\n\t\t\t\t\t<div class=\"panel-heading\">\r\r\r\n\t\t\t\t\t\t<h4 class=\"panel-title\">\r\r\r\n\t\t\t\t\t\t\t<a class=\"accordion-toggle collapsed-icon    \"   data-toggle=\"collapse\" href=\"#acc-8029\">\nECF01 \u2013 Educatore professionale socio-pedagogico\r\r\r\n\t\t\t\t\t\t\t\t<span class=\"fa sign\"><\/span>\r\r\r\n\t\t\t\t\t\t\t<\/a>\r\r\r\n\t\t\t\t\t\t<\/h4>\r\r\r\n\t\t\t\t\t\t\r\r\r\n\t\t\t\t\t<\/div>    \r\r\r\n\t\t\t\t\t<div id=\"acc-8029\" class=\"panel-collapse collapse in\">\r\r\r\n\t\t\t\t\t\t<div class=\"panel-body\">\r\r\r\n\t\t\t\t\t\t\t<span style=\"font-size: 10pt;\">L\u2019Educatore professionale socio-pedagogico opera in ambito educativo, formativo e pedagogico, in rapporto a qualsiasi attivit\u00e0 svolta in modo formale, non formale e informale, nelle varie fasi della vita, in una prospettiva di crescita personale e sociale.<\/span><\/p>\n<p><span style=\"font-size: 10pt;\"><strong>Durata<\/strong>: 1500 ore<\/span><\/p>\n<p><span style=\"font-size: 10pt;\"><strong>CFU<\/strong>: 60<\/span><\/p>\n<div id=\"div-vai-allo-shop\" style=\"padding: 10px 7px 7px; color: white; text-align: center;\"><!-- blu 094775 rosso d1222b --> <a href=\"https:\/\/shop.networkgtc.it\/prodotto\/corsi-di-qualificazione-educatore-professionale-socio-pedagogico-1500-ore-60-cfu\/\" target=\"_blank\" style=\"padding: 10px; border-radius: 20px; border: 1px solid #dddddd; background-color: #d1222b; color: white; font-size: 10pt;\" rel=\"noopener noreferrer\"> Vai allo Shop <\/a><\/div>\n<p>\r\r\r\n\t\t\t\t\t\t<\/div>\r\r\r\n\t\t\t\t\t<\/div>\r\r\r\n\t\t\t\t<\/div><\/div>[\/vc_column][\/vc_row][vc_row][vc_column css=&#8221;.vc_custom_1647944499646{margin-top: 50px !important;}&#8221;][vc_column_text]<\/p>\n<h3 style=\"font-weight: 600; text-align: center;\"><span>Il nostro servizio assistenza \u00e8 a tua disposizione <\/span><\/h3>\n<h3 style=\"font-weight: 600; text-align: center;\"><span>per qualsiasi informazione riguardo i nostri\u00a0<\/span><strong><em>Corsi Docenti.<\/em><\/strong><\/h3>\n<p>[\/vc_column_text][vc_column_text]<\/p>\n<p style=\"text-align: left;\">Compila il Form per richiedere maggiori informazioni,<\/p>\n<p style=\"text-align: left;\">ti ricontatteremo il prima possibile.<\/p>\n<p>[\/vc_column_text][\/vc_column][\/vc_row][vc_row][vc_column]\n<div class=\"wpcf7 no-js\" id=\"wpcf7-f19738-o1\" lang=\"it-IT\" dir=\"ltr\" data-wpcf7-id=\"19738\">\n<div class=\"screen-reader-response\"><p role=\"status\" aria-live=\"polite\" aria-atomic=\"true\"><\/p> <ul><\/ul><\/div>\n<form action=\"\/en\/wp-json\/wp\/v2\/pages\/30684#wpcf7-f19738-o1\" method=\"post\" class=\"wpcf7-form init\" aria-label=\"Modulo di contatto\" novalidate=\"novalidate\" data-status=\"init\">\n<fieldset class=\"hidden-fields-container\"><input type=\"hidden\" name=\"_wpcf7\" value=\"19738\" \/><input type=\"hidden\" name=\"_wpcf7_version\" value=\"6.1.5\" \/><input type=\"hidden\" name=\"_wpcf7_locale\" value=\"it_IT\" \/><input type=\"hidden\" name=\"_wpcf7_unit_tag\" value=\"wpcf7-f19738-o1\" \/><input type=\"hidden\" name=\"_wpcf7_container_post\" value=\"0\" \/><input type=\"hidden\" name=\"_wpcf7_posted_data_hash\" value=\"\" \/>\n<\/fieldset>\n<link rel=\"stylesheet\" href=\"https:\/\/www.networkgtc.it\/wp-content\/plugins\/pdf-forms-for-contact-form-7\/css\/frontend.css\" \/><script type=\"text\/javascript\" src=\"https:\/\/www.networkgtc.it\/wp-content\/plugins\/pdf-forms-for-contact-form-7\/js\/frontend.js?ver=2.2.6\"><\/script><div id=\"blocco_contact_Corsi_di_Laurea_EA\">\n\t<div class=\"row text-center\">\n\t\t<div class=\"col-xs-12 col-sm-12 col-md-12 col-lg-12\">\n\t\t\t<h1 class=\"verde_Corsi_di_Laurea_EA\">\n\t\t\t<\/h1>\n\t\t<\/div>\n\t<\/div><!-- row -->\n\t<div class=\"row\">\n\t\t<div class=\"col-xs-12 col-sm-12 col-md-12 col-lg-12\">\n\t\t\t<table>\n\t\t\t\t<tr>\n\t\t\t\t\t<td>\n\t\t\t\t\t\t<p><label style=\"font-size:16px;\"> Il tuo nome (richiesto)<\/label>\n\t\t\t\t\t\t<\/p>\n\t\t\t\t\t\t<p><span class=\"wpcf7-form-control-wrap\" data-name=\"nome\"><input size=\"40\" maxlength=\"400\" class=\"wpcf7-form-control wpcf7-text wpcf7-validates-as-required\" aria-required=\"true\" aria-invalid=\"false\" value=\"\" type=\"text\" name=\"nome\" \/><\/span>\n\t\t\t\t\t\t<\/p>\n\t\t\t\t\t<\/td>\n\t\t\t\t\t<td>\n\t\t\t\t\t\t<p><label style=\"font-size:16px;\">Il tuo cognome (richiesto)<\/label>\n\t\t\t\t\t\t<\/p>\n\t\t\t\t\t\t<p><span class=\"wpcf7-form-control-wrap\" data-name=\"cognome\"><input size=\"40\" maxlength=\"400\" class=\"wpcf7-form-control wpcf7-text wpcf7-validates-as-required\" aria-required=\"true\" aria-invalid=\"false\" value=\"\" type=\"text\" name=\"cognome\" \/><\/span>\n\t\t\t\t\t\t<\/p>\n\t\t\t\t\t<\/td>\n\t\t\t\t<\/tr>\n\t\t\t\t<tr>\n\t\t\t\t\t<td>\n\t\t\t\t\t\t<p><label style=\"font-size:16px;\">La tua e-mail (richiesta)<\/label>\n\t\t\t\t\t\t<\/p>\n\t\t\t\t\t\t<p><span class=\"wpcf7-form-control-wrap\" data-name=\"your-email\"><input size=\"40\" maxlength=\"400\" class=\"wpcf7-form-control wpcf7-email wpcf7-validates-as-required wpcf7-text wpcf7-validates-as-email\" aria-required=\"true\" aria-invalid=\"false\" value=\"\" type=\"email\" name=\"your-email\" \/><\/span>\n\t\t\t\t\t\t<\/p>\n\t\t\t\t\t<\/td>\n\t\t\t\t\t<td>\n\t\t\t\t\t\t<p><label style=\"font-size:16px;\">Telefono (richiesto)<\/label>\n\t\t\t\t\t\t<\/p>\n\t\t\t\t\t\t<p><span class=\"wpcf7-form-control-wrap\" data-name=\"fisso\"><input size=\"40\" maxlength=\"400\" class=\"wpcf7-form-control wpcf7-text wpcf7-validates-as-required\" aria-required=\"true\" aria-invalid=\"false\" value=\"\" type=\"text\" name=\"fisso\" \/><\/span>\n\t\t\t\t\t\t<\/p>\n\t\t\t\t\t<\/td>\n\t\t\t\t<\/tr>\n\t\t\t<\/table>\n\t\t<\/div>\n\t\t<div class=\"col-xs-12 col-sm-12 col-md-12 col-lg-12\">\n\t\t\t<td colspan=\"2\">\n\t\t\t\t<p><label style=\"font-size:16px;\">Il tuo messaggio <\/label>\n\t\t\t\t<\/p>\n\t\t\t\t<p><span class=\"wpcf7-form-control-wrap\" data-name=\"messaggio\"><textarea cols=\"40\" rows=\"5\" maxlength=\"2000\" class=\"wpcf7-form-control wpcf7-textarea\" aria-invalid=\"false\" name=\"messaggio\"><\/textarea><\/span>\n\t\t\t\t<\/p>\n\t\t\t<\/td>\n\t\t\t<p>Autorizzo al trattamento dati personali, in riferimento agli articoli 13\/14 del GDPR 679\/16, secondo le modalit\u00e0 e nei limiti di cui all\u2019informativa allegata. <span class=\"wpcf7-form-control-wrap\" data-name=\"acceptance-383\"><span class=\"wpcf7-form-control wpcf7-acceptance\"><span class=\"wpcf7-list-item\"><input type=\"checkbox\" name=\"acceptance-383\" value=\"1\" aria-invalid=\"false\" \/><\/span><\/span><\/span>\n\t\t\t<\/p>\n\t\t\t<div class=\"col-sm-6 p0 commenterInfoInputs\">\n\t\t\t\t<div id=\"cf7sr-69edd098250b9\" class=\"cf7sr-g-recaptcha\" data-theme=\"light\" data-type=\"image\" data-size=\"normal\" data-sitekey=\"6LcfBy4UAAAAAMdIHRjzH5Vm0rAL_qXJL_COIHZ4\"><\/div><span class=\"wpcf7-form-control-wrap cf7sr-recaptcha\" data-name=\"cf7sr-recaptcha\"><input type=\"hidden\" name=\"cf7sr-recaptcha\" value=\"\" class=\"wpcf7-form-control\"><\/span><br \/>\n<label style=\"font-size:16px; width:100px;\"><input class=\"wpcf7-form-control wpcf7-submit has-spinner\" type=\"submit\" value=\"Invia\" \/><\/label>\n\t\t\t\t<\/p>\n\t\t\t<\/div>\n\t\t<\/div><!-- row -->\n\t<\/div><!-- blocco_contact_corsi_di_laurea_EA -->\n<\/div><div class=\"wpcf7-response-output\" aria-hidden=\"true\"><\/div>\n<\/form>\n<\/div>\n[\/vc_column][\/vc_row]<\/p>\n<\/div>","protected":false},"excerpt":{"rendered":"<p>[vc_row][vc_column][vc_column_text] Corsi Docenti [\/vc_column_text][\/vc_column][\/vc_row][vc_row][vc_column][vc_column_text] Network GTC, in collaborazione con eCampus, ha inserito nella sua offerta formativa una serie di master e corsi di alta formazione online dedicati a giovani laureati e professionisti che intendano perfezionare o aggiornare il proprio background. Innovazione, collegamento con il mondo professionale e del lavoro, qualit\u00e0 e professionalit\u00e0 sono i punti [&hellip;]<\/p>\n","protected":false},"author":573,"featured_media":30767,"parent":30748,"menu_order":0,"comment_status":"closed","ping_status":"closed","template":"","meta":{"_monsterinsights_skip_tracking":false,"_monsterinsights_sitenote_active":false,"_monsterinsights_sitenote_note":"","_monsterinsights_sitenote_category":0,"footnotes":""},"class_list":["post-30684","page","type-page","status-publish","has-post-thumbnail","hentry"],"translation":{"provider":"WPGlobus","version":"3.0.2","language":"en","enabled_languages":["it","en"],"languages":{"it":{"title":true,"content":true,"excerpt":false},"en":{"title":false,"content":false,"excerpt":false}}},"yoast_head":"<!-- This site is optimized with the Yoast SEO plugin v24.3 - https:\/\/yoast.com\/wordpress\/plugins\/seo\/ -->\n<title>Corsi Docenti - Network GTC<\/title>\n<meta name=\"robots\" content=\"index, follow, max-snippet:-1, max-image-preview:large, max-video-preview:-1\" \/>\n<link rel=\"canonical\" href=\"https:\/\/www.networkgtc.it\/mondo-scuola\/corsi-docenti\/\" \/>\n<meta property=\"og:locale\" content=\"en_US\" \/>\n<meta property=\"og:type\" content=\"article\" \/>\n<meta property=\"og:title\" content=\"Corsi Docenti &#8211; Network GTC\" \/>\n<meta property=\"og:url\" content=\"https:\/\/www.networkgtc.it\/mondo-scuola\/corsi-docenti\/\" \/>\n<meta property=\"og:site_name\" content=\"Network GTC\" \/>\n<meta property=\"article:publisher\" content=\"https:\/\/www.facebook.com\/NetworkGTC\/\" \/>\n<meta property=\"article:modified_time\" content=\"2024-05-23T08:00:09+00:00\" \/>\n<meta property=\"og:image\" content=\"https:\/\/www.networkgtc.it\/wp-content\/uploads\/2022\/03\/02-header-pagine-interne-corsi-docenti-scaled.jpg\" \/>\n\t<meta property=\"og:image:width\" content=\"2560\" \/>\n\t<meta property=\"og:image:height\" content=\"282\" \/>\n\t<meta property=\"og:image:type\" content=\"image\/jpeg\" \/>\n<meta name=\"twitter:card\" content=\"summary_large_image\" \/>\n<meta name=\"twitter:site\" content=\"@NetworkGTC1\" \/>\n<meta name=\"twitter:label1\" content=\"Est. reading time\" \/>\n\t<meta name=\"twitter:data1\" content=\"5 minutes\" \/>\n<script type=\"application\/ld+json\" class=\"yoast-schema-graph\">{\"@context\":\"https:\/\/schema.org\",\"@graph\":[{\"@type\":\"WebPage\",\"@id\":\"https:\/\/www.networkgtc.it\/mondo-scuola\/corsi-docenti\/\",\"url\":\"https:\/\/www.networkgtc.it\/mondo-scuola\/corsi-docenti\/\",\"name\":\"Corsi Docenti - Network GTC\",\"isPartOf\":{\"@id\":\"https:\/\/www.networkgtc.it\/#website\"},\"primaryImageOfPage\":{\"@id\":\"https:\/\/www.networkgtc.it\/mondo-scuola\/corsi-docenti\/#primaryimage\"},\"image\":{\"@id\":\"https:\/\/www.networkgtc.it\/mondo-scuola\/corsi-docenti\/#primaryimage\"},\"thumbnailUrl\":\"https:\/\/www.networkgtc.it\/wp-content\/uploads\/2022\/03\/02-header-pagine-interne-corsi-docenti-scaled.jpg\",\"datePublished\":\"2022-03-22T11:49:49+00:00\",\"dateModified\":\"2024-05-23T08:00:09+00:00\",\"breadcrumb\":{\"@id\":\"https:\/\/www.networkgtc.it\/mondo-scuola\/corsi-docenti\/#breadcrumb\"},\"inLanguage\":\"en-US\",\"potentialAction\":[{\"@type\":\"ReadAction\",\"target\":[\"https:\/\/www.networkgtc.it\/mondo-scuola\/corsi-docenti\/\"]}]},{\"@type\":\"ImageObject\",\"inLanguage\":\"en-US\",\"@id\":\"https:\/\/www.networkgtc.it\/mondo-scuola\/corsi-docenti\/#primaryimage\",\"url\":\"https:\/\/www.networkgtc.it\/wp-content\/uploads\/2022\/03\/02-header-pagine-interne-corsi-docenti-scaled.jpg\",\"contentUrl\":\"https:\/\/www.networkgtc.it\/wp-content\/uploads\/2022\/03\/02-header-pagine-interne-corsi-docenti-scaled.jpg\",\"width\":2560,\"height\":282},{\"@type\":\"BreadcrumbList\",\"@id\":\"https:\/\/www.networkgtc.it\/mondo-scuola\/corsi-docenti\/#breadcrumb\",\"itemListElement\":[{\"@type\":\"ListItem\",\"position\":1,\"name\":\"Home\",\"item\":\"https:\/\/www.networkgtc.it\/\"},{\"@type\":\"ListItem\",\"position\":2,\"name\":\"Mondo Scuola\",\"item\":\"https:\/\/www.networkgtc.it\/mondo-scuola\/\"},{\"@type\":\"ListItem\",\"position\":3,\"name\":\"Corsi Docenti\"}]},{\"@type\":\"WebSite\",\"@id\":\"https:\/\/www.networkgtc.it\/#website\",\"url\":\"https:\/\/www.networkgtc.it\/\",\"name\":\"Network GTC\",\"description\":\"La Prima Rete Europea di Alta Professionalit\u00e0\",\"publisher\":{\"@id\":\"https:\/\/www.networkgtc.it\/#organization\"},\"potentialAction\":[{\"@type\":\"SearchAction\",\"target\":{\"@type\":\"EntryPoint\",\"urlTemplate\":\"https:\/\/www.networkgtc.it\/?s={search_term_string}\"},\"query-input\":{\"@type\":\"PropertyValueSpecification\",\"valueRequired\":true,\"valueName\":\"search_term_string\"}}],\"inLanguage\":\"en-US\"},{\"@type\":\"Organization\",\"@id\":\"https:\/\/www.networkgtc.it\/#organization\",\"name\":\"Network GTC\",\"url\":\"https:\/\/www.networkgtc.it\/\",\"logo\":{\"@type\":\"ImageObject\",\"inLanguage\":\"en-US\",\"@id\":\"https:\/\/www.networkgtc.it\/#\/schema\/logo\/image\/\",\"url\":\"https:\/\/www.networkgtc.it\/wp-content\/uploads\/2021\/01\/logogtc.jpg\",\"contentUrl\":\"https:\/\/www.networkgtc.it\/wp-content\/uploads\/2021\/01\/logogtc.jpg\",\"width\":601,\"height\":188,\"caption\":\"Network GTC\"},\"image\":{\"@id\":\"https:\/\/www.networkgtc.it\/#\/schema\/logo\/image\/\"},\"sameAs\":[\"https:\/\/www.facebook.com\/NetworkGTC\/\",\"https:\/\/x.com\/NetworkGTC1\",\"https:\/\/www.instagram.com\/formazionecampana\/\",\"https:\/\/www.linkedin.com\/in\/network-gtc-9ba8057b\/\",\"https:\/\/www.youtube.com\/channel\/UC12C5tC9WFzDS79bpUCxmVw\"]}]}<\/script>\n<!-- \/ Yoast SEO plugin. -->","yoast_head_json":{"title":"Corsi Docenti - Network GTC","robots":{"index":"index","follow":"follow","max-snippet":"max-snippet:-1","max-image-preview":"max-image-preview:large","max-video-preview":"max-video-preview:-1"},"canonical":"https:\/\/www.networkgtc.it\/mondo-scuola\/corsi-docenti\/","og_locale":"en_US","og_type":"article","og_title":"Corsi Docenti &#8211; Network GTC","og_url":"https:\/\/www.networkgtc.it\/mondo-scuola\/corsi-docenti\/","og_site_name":"Network GTC","article_publisher":"https:\/\/www.facebook.com\/NetworkGTC\/","article_modified_time":"2024-05-23T08:00:09+00:00","og_image":[{"width":2560,"height":282,"url":"https:\/\/www.networkgtc.it\/wp-content\/uploads\/2022\/03\/02-header-pagine-interne-corsi-docenti-scaled.jpg","type":"image\/jpeg"}],"twitter_card":"summary_large_image","twitter_site":"@NetworkGTC1","twitter_misc":{"Est. reading time":"5 minutes"},"schema":{"@context":"https:\/\/schema.org","@graph":[{"@type":"WebPage","@id":"https:\/\/www.networkgtc.it\/mondo-scuola\/corsi-docenti\/","url":"https:\/\/www.networkgtc.it\/mondo-scuola\/corsi-docenti\/","name":"Corsi Docenti - Network GTC","isPartOf":{"@id":"https:\/\/www.networkgtc.it\/#website"},"primaryImageOfPage":{"@id":"https:\/\/www.networkgtc.it\/mondo-scuola\/corsi-docenti\/#primaryimage"},"image":{"@id":"https:\/\/www.networkgtc.it\/mondo-scuola\/corsi-docenti\/#primaryimage"},"thumbnailUrl":"https:\/\/www.networkgtc.it\/wp-content\/uploads\/2022\/03\/02-header-pagine-interne-corsi-docenti-scaled.jpg","datePublished":"2022-03-22T11:49:49+00:00","dateModified":"2024-05-23T08:00:09+00:00","breadcrumb":{"@id":"https:\/\/www.networkgtc.it\/mondo-scuola\/corsi-docenti\/#breadcrumb"},"inLanguage":"en-US","potentialAction":[{"@type":"ReadAction","target":["https:\/\/www.networkgtc.it\/mondo-scuola\/corsi-docenti\/"]}]},{"@type":"ImageObject","inLanguage":"en-US","@id":"https:\/\/www.networkgtc.it\/mondo-scuola\/corsi-docenti\/#primaryimage","url":"https:\/\/www.networkgtc.it\/wp-content\/uploads\/2022\/03\/02-header-pagine-interne-corsi-docenti-scaled.jpg","contentUrl":"https:\/\/www.networkgtc.it\/wp-content\/uploads\/2022\/03\/02-header-pagine-interne-corsi-docenti-scaled.jpg","width":2560,"height":282},{"@type":"BreadcrumbList","@id":"https:\/\/www.networkgtc.it\/mondo-scuola\/corsi-docenti\/#breadcrumb","itemListElement":[{"@type":"ListItem","position":1,"name":"Home","item":"https:\/\/www.networkgtc.it\/"},{"@type":"ListItem","position":2,"name":"Mondo Scuola","item":"https:\/\/www.networkgtc.it\/mondo-scuola\/"},{"@type":"ListItem","position":3,"name":"Corsi Docenti"}]},{"@type":"WebSite","@id":"https:\/\/www.networkgtc.it\/#website","url":"https:\/\/www.networkgtc.it\/","name":"Network GTC","description":"La Prima Rete Europea di Alta Professionalit\u00e0","publisher":{"@id":"https:\/\/www.networkgtc.it\/#organization"},"potentialAction":[{"@type":"SearchAction","target":{"@type":"EntryPoint","urlTemplate":"https:\/\/www.networkgtc.it\/?s={search_term_string}"},"query-input":{"@type":"PropertyValueSpecification","valueRequired":true,"valueName":"search_term_string"}}],"inLanguage":"en-US"},{"@type":"Organization","@id":"https:\/\/www.networkgtc.it\/#organization","name":"Network GTC","url":"https:\/\/www.networkgtc.it\/","logo":{"@type":"ImageObject","inLanguage":"en-US","@id":"https:\/\/www.networkgtc.it\/#\/schema\/logo\/image\/","url":"https:\/\/www.networkgtc.it\/wp-content\/uploads\/2021\/01\/logogtc.jpg","contentUrl":"https:\/\/www.networkgtc.it\/wp-content\/uploads\/2021\/01\/logogtc.jpg","width":601,"height":188,"caption":"Network GTC"},"image":{"@id":"https:\/\/www.networkgtc.it\/#\/schema\/logo\/image\/"},"sameAs":["https:\/\/www.facebook.com\/NetworkGTC\/","https:\/\/x.com\/NetworkGTC1","https:\/\/www.instagram.com\/formazionecampana\/","https:\/\/www.linkedin.com\/in\/network-gtc-9ba8057b\/","https:\/\/www.youtube.com\/channel\/UC12C5tC9WFzDS79bpUCxmVw"]}]}},"_links":{"self":[{"href":"https:\/\/www.networkgtc.it\/en\/wp-json\/wp\/v2\/pages\/30684","targetHints":{"allow":["GET"]}}],"collection":[{"href":"https:\/\/www.networkgtc.it\/en\/wp-json\/wp\/v2\/pages"}],"about":[{"href":"https:\/\/www.networkgtc.it\/en\/wp-json\/wp\/v2\/types\/page"}],"author":[{"embeddable":true,"href":"https:\/\/www.networkgtc.it\/en\/wp-json\/wp\/v2\/users\/573"}],"replies":[{"embeddable":true,"href":"https:\/\/www.networkgtc.it\/en\/wp-json\/wp\/v2\/comments?post=30684"}],"version-history":[{"count":0,"href":"https:\/\/www.networkgtc.it\/en\/wp-json\/wp\/v2\/pages\/30684\/revisions"}],"up":[{"embeddable":true,"href":"https:\/\/www.networkgtc.it\/en\/wp-json\/wp\/v2\/pages\/30748"}],"wp:featuredmedia":[{"embeddable":true,"href":"https:\/\/www.networkgtc.it\/en\/wp-json\/wp\/v2\/media\/30767"}],"wp:attachment":[{"href":"https:\/\/www.networkgtc.it\/en\/wp-json\/wp\/v2\/media?parent=30684"}],"curies":[{"name":"wp","href":"https:\/\/api.w.org\/{rel}","templated":true}]}}